{"id":950,"date":"2020-12-07T11:07:32","date_gmt":"2020-12-07T10:07:32","guid":{"rendered":"https:\/\/www.steinkonservierung.com\/referenzen\/"},"modified":"2022-01-12T19:51:23","modified_gmt":"2022-01-12T18:51:23","slug":"referenzen","status":"publish","type":"page","link":"https:\/\/www.steinkonservierung.com\/fr\/referenzen\/","title":{"rendered":"Referenzen"},"content":{"rendered":"<section class=\"l-section wpb_row height_auto width_full\"><div class=\"l-section-h i-cf\"><div class=\"g-cols vc_row via_flex valign_top type_default stacking_default\"><div class=\"vc_col-sm-12 wpb_column vc_column_container\"><div class=\"vc_column-inner\"><div class=\"wpb_wrapper\">[rev_slider_vc alias=\u00a0\u00bbreferenzen\u00a0\u00bb]<\/div><\/div><\/div><\/div><\/div><\/section><section class=\"l-section wpb_row us_custom_f0ef12be height_small\"><div class=\"l-section-h i-cf\"><div class=\"g-cols vc_row via_flex valign_top type_default stacking_default\"><div class=\"vc_col-sm-12 wpb_column vc_column_container\"><div class=\"vc_column-inner\"><div class=\"wpb_wrapper\"><div class=\"w-separator size_small with_line width_default thick_1 style_solid color_border align_center with_text with_content\"><div class=\"w-separator-h\"><h2 class=\"w-separator-text\"><span>Konservierte Objekte<\/span><\/h2><\/div><\/div><\/div><\/div><\/div><\/div><\/div><\/section><section class=\"l-section wpb_row us_custom_f0ef12be height_auto\"><div class=\"l-section-h i-cf\"><div class=\"g-cols vc_row via_flex valign_top type_default stacking_default\"><div class=\"vc_col-sm-12 wpb_column vc_column_container\"><div class=\"vc_column-inner\"><div class=\"wpb_wrapper\"><div class=\"wpb_text_column\"><div class=\"wpb_wrapper\"><p>Plus de 22\u00a0000 objets individuels ont \u00e9t\u00e9 conserv\u00e9s par nos soins au cours des derni\u00e8res d\u00e9cennies gr\u00e2ce au proc\u00e9d\u00e9 brevet\u00e9 d\u2019impr\u00e9gnation totale. L\u2019exp\u00e9rience de longue date et la satisfaction de nos clients en raison des nombreux avantages du <a href=\"https:\/\/steinkonservierung.com\/leistungen\/https:\/steinkonservierung.com\/leistungen\/#avtverfahren\">proc\u00e9d\u00e9 AVT<\/a>. Une vue d\u2019ensemble d\u2019objets conserv\u00e9s par nos soins se trouve sur la carte. Vous pourrez peut-\u00eatre voir l\u2019un d\u2019eux directement pr\u00e8s de chez vous\u00a0!<\/p>\n<\/div><\/div><div class=\"g-cols wpb_row via_flex valign_top type_default stacking_default\"><div class=\"vc_col-sm-3 wpb_column vc_column_container\"><div class=\"vc_column-inner\"><div class=\"wpb_wrapper\"><\/div><\/div><\/div><div class=\"vc_col-sm-9 wpb_column vc_column_container\"><div class=\"vc_column-inner\"><div class=\"wpb_wrapper\"><iframe loading=\"lazy\" src=\"https:\/\/www.google.com\/maps\/d\/embed?mid=1pGjA4-k2fZJBlvQV1omyfGATxLDaUCKE\" width=\"640\" height=\"480\"><\/iframe><\/div><\/div><\/div><\/div><div class=\"wpb_text_column\"><div class=\"wpb_wrapper\"><p style=\"text-align: center;\">Quelques exemples de b\u00e2timents connus en Allemagne et en Europe.<\/p>\n<\/div><\/div><div class=\"g-cols wpb_row via_flex valign_top type_default stacking_default\"><div class=\"vc_col-sm-4 wpb_column vc_column_container\"><div class=\"vc_column-inner\"><div class=\"wpb_wrapper\"><div class=\"wpb_text_column\"><div class=\"wpb_wrapper\"><h2 style=\"text-align: center;\">Potsdam<\/h2>\n<\/div><\/div><div class=\"w-ibanner animation_hebe ratio_2x1 easing_ease\"><div class=\"w-ibanner-h\"><div class=\"w-ibanner-image\" style=\"background-image: url(https:\/\/www.steinkonservierung.com\/wp-content\/uploads\/Sanssouci_referenz.png)\"><\/div><div class=\"w-ibanner-content\"><div class=\"w-ibanner-content-h\"><h2 class=\"w-ibanner-title\" style=\"font-size:22px;\">Ch\u00e2teau de l\u2019Orangerie<\/h2><div class=\"w-ibanner-desc\"><p>entre autres, \u00ab Die sich Schm\u00fcckende \u00bb provenant de la loggia sur le c\u00f4t\u00e9 Nord du ch\u00e2teau de l\u2019Orangerie \u00e0 Sans-Souci (marbre de Carrare)<\/p>\n<\/div><\/div><\/div><\/div><\/div><div class=\"w-separator size_small\"><\/div><div class=\"wpb_text_column\"><div class=\"wpb_wrapper\"><h2 style=\"text-align: center;\">Torgau<\/h2>\n<\/div><\/div><div class=\"w-ibanner animation_hebe ratio_2x1 easing_ease\"><div class=\"w-ibanner-h\"><div class=\"w-ibanner-image\" style=\"background-image: url(https:\/\/www.steinkonservierung.com\/wp-content\/uploads\/Torgau_Referenz.png)\"><\/div><div class=\"w-ibanner-content\"><div class=\"w-ibanner-content-h\"><h2 class=\"w-ibanner-title\" style=\"font-size:22px;\">Ch\u00e2teau Hartenfels<\/h2><div class=\"w-ibanner-desc\"><p>Rendre accessible l\u2019unique escalier en colima\u00e7on autoporteur pr\u00e9serv\u00e9 de la Renaissance (gr\u00e8s de Cotta).<\/p>\n<\/div><\/div><\/div><\/div><\/div><\/div><\/div><\/div><div class=\"vc_col-sm-4 wpb_column vc_column_container\"><div class=\"vc_column-inner\"><div class=\"wpb_wrapper\"><div class=\"wpb_text_column\"><div class=\"wpb_wrapper\"><h2 style=\"text-align: center;\">Cologne<\/h2>\n<\/div><\/div><div class=\"w-ibanner animation_hebe ratio_2x1 easing_ease\"><div class=\"w-ibanner-h\"><div class=\"w-ibanner-image\" style=\"background-image: url(https:\/\/www.steinkonservierung.com\/wp-content\/uploads\/DomKoeln_referenz.png)\"><\/div><div class=\"w-ibanner-content\"><div class=\"w-ibanner-content-h\"><h2 class=\"w-ibanner-title\" style=\"font-size:22px;\">Cath\u00e9drale de Cologne<\/h2><div class=\"w-ibanner-desc\"><p>entre autres, ange en deux parties du c\u00f4t\u00e9 Ouest de la tour Nord de la cath\u00e9drale de Cologne (pierre \u00e0 chaud Savonni\u00e8res)<\/p>\n<\/div><\/div><\/div><\/div><\/div><div class=\"w-separator size_small\"><\/div><div class=\"wpb_text_column\"><div class=\"wpb_wrapper\"><h2 style=\"text-align: center;\">B\u00e2le<\/h2>\n<\/div><\/div><div class=\"w-ibanner animation_hebe ratio_2x1 easing_ease\"><div class=\"w-ibanner-h\"><div class=\"w-ibanner-image\" style=\"background-image: url(https:\/\/www.steinkonservierung.com\/wp-content\/uploads\/Basler_muenster_referenz.png)\"><\/div><div class=\"w-ibanner-content\"><div class=\"w-ibanner-content-h\"><h2 class=\"w-ibanner-title\" style=\"font-size:22px;\">Cath\u00e9drale de B\u00e2le<\/h2><div class=\"w-ibanner-desc\"><p>Fa\u00eeteau sur la cath\u00e9drale (gr\u00e8s rouge)<\/p>\n<\/div><\/div><\/div><\/div><\/div><\/div><\/div><\/div><div class=\"vc_col-sm-4 wpb_column vc_column_container\"><div class=\"vc_column-inner\"><div class=\"wpb_wrapper\"><div class=\"wpb_text_column\"><div class=\"wpb_wrapper\"><h2 style=\"text-align: center;\">Munich<\/h2>\n<\/div><\/div><div class=\"w-ibanner animation_hebe ratio_2x1 easing_ease\"><div class=\"w-ibanner-h\"><div class=\"w-ibanner-image\" style=\"background-image: url(https:\/\/www.steinkonservierung.com\/wp-content\/uploads\/referenz-3.png)\"><\/div><div class=\"w-ibanner-content\"><div class=\"w-ibanner-content-h\"><h2 class=\"w-ibanner-title\" style=\"font-size:22px;\">Siegestor (arc de triomphe) de Munich<\/h2><div class=\"w-ibanner-desc\"><p>Relief de la Siegestor de Munich (marbre de Lasa et de Carrare)<\/p>\n<\/div><\/div><\/div><\/div><\/div><div class=\"w-separator size_small\"><\/div><div class=\"wpb_text_column\"><div class=\"wpb_wrapper\"><h2 style=\"text-align: center;\">Amsterdam<\/h2>\n<\/div><\/div><div class=\"w-ibanner animation_hebe ratio_2x1 easing_ease\"><div class=\"w-ibanner-h\"><div class=\"w-ibanner-image\" style=\"background-image: url(https:\/\/www.steinkonservierung.com\/wp-content\/uploads\/Amsterdam_referenz.png)\"><\/div><div class=\"w-ibanner-content\"><div class=\"w-ibanner-content-h\"><h2 class=\"w-ibanner-title\" style=\"font-size:22px;\">Nationaal Monument, Amsterdam<\/h2><div class=\"w-ibanner-desc\"><p>Figures du Nationaal Monument op de Dam \u00e0 Amsterdam, Pays-Bas (pierre \u00e0 chaud de travertin)<\/p>\n<\/div><\/div><\/div><\/div><\/div><\/div><\/div><\/div><\/div><\/div><\/div><\/div><\/div><\/div><\/section><section class=\"l-section wpb_row height_medium\" id=\"Publikationen\"><div class=\"l-section-h i-cf\"><div class=\"g-cols vc_row via_flex valign_top type_default stacking_default\"><div class=\"vc_col-sm-12 wpb_column vc_column_container\"><div class=\"vc_column-inner\"><div class=\"wpb_wrapper\"><div class=\"g-cols wpb_row via_flex valign_top type_default stacking_default\"><div class=\"vc_col-sm-12 wpb_column vc_column_container\"><div class=\"vc_column-inner\"><div class=\"wpb_wrapper\"><div class=\"w-separator size_small with_line width_default thick_1 style_solid color_border align_center with_text with_content\"><div class=\"w-separator-h\"><h2 class=\"w-separator-text\"><span>Publications<\/span><\/h2><\/div><\/div><div class=\"wpb_text_column\"><div class=\"wpb_wrapper\"><p>La mesure par ultrasons qui a \u00e9t\u00e9 r\u00e9alis\u00e9e par le Dr Wanja Wedekind dans le cadre des mesures de restauration de la Colonne de la Paix sur la Mehringplatz de Berlin est donn\u00e9e ci-apr\u00e8s \u00e0 titre d\u2019exemple. Une description d\u00e9taill\u00e9e se trouve dans la\u00a0<a href=\"https:\/\/www.steinkonservierung.com\/wp-content\/uploads\/4.-Bericht-Friedenssaeule-Berlin-Erfolgsevaluation-Kapitell-klein.pdf\">publication<\/a>\u00a0. Les r\u00e9sultats de l\u2019impr\u00e9gnation sont \u00e9valu\u00e9s comme extr\u00eamement positifs. Toutes les r\u00e9gions mesur\u00e9es pr\u00e9sentent d\u00e9sormais des valeurs non critiques avec une vitesse d\u2019ultrasons comprise entre 3 et 7 km\/s gr\u00e2ce \u00e0 l\u2019impr\u00e9gnation et \u00e0 la mesure restauratrice subs\u00e9quente. La grande partie des valeurs se situe \u00e0 5 km\/s et en cons\u00e9quence dans la r\u00e9gion de r\u00e9sistance de mat\u00e9riau de marbre fra\u00eechement cass\u00e9. Les mesures de restauration ont \u00e9t\u00e9 document\u00e9es en d\u00e9tail sur la\u00a0<a href=\"https:\/\/www.wanjawedekind.de\/monumente\">page d\u2019accue<\/a><u>il<\/u>\u00a0du Dr Wedekind.<\/p>\n<\/div><\/div><\/div><\/div><\/div><\/div>\n\t\t\t<!-- START Ultraschall Messung REVOLUTION SLIDER 6.7.20 --><p class=\"rs-p-wp-fix\"><\/p>\n\t\t\t<rs-module-wrap id=\"rev_slider_20_1_wrapper\" data-source=\"gallery\" style=\"visibility:hidden;background:transparent;padding:0;margin:0px auto;margin-top:0;margin-bottom:0;\">\n\t\t\t\t<rs-module id=\"rev_slider_20_1\" style=\"\" data-version=\"6.7.20\">\n\t\t\t\t\t<rs-slides style=\"overflow: hidden; position: absolute;\">\n\t\t\t\t\t\t<rs-slide style=\"position: absolute;\" data-key=\"rs-41\" data-title=\"Slide\" data-description=\"\u00dcbersicht\" data-thumb=\"\/\/www.steinkonservierung.com\/wp-content\/uploads\/bild-0.jpg\" data-duration=\"9000ms\" data-ssop=\"true\" data-anim=\"ms:50;r:0;\" data-in=\"o:0;\" data-out=\"a:false;\">\n\t\t\t\t\t\t\t<img src=\"\/\/www.steinkonservierung.com\/wp-content\/plugins\/revslider\/sr6\/assets\/assets\/dummy.png\" alt=\"Slide\" title=\"bild 0\" width=\"1438\" height=\"832\" class=\"rev-slidebg tp-rs-img rs-lazyload\" data-lazyload=\"\/\/www.steinkonservierung.com\/wp-content\/plugins\/revslider\/sr6\/assets\/assets\/transparent.png\" data-bg=\"p:0% 15%;c:#ffffff;\" data-no-retina>\n<!--\n\t\t\t\t\t\t\t--><rs-layer\n\t\t\t\t\t\t\t\tid=\"slider-20-slide-41-layer-0\" \n\t\t\t\t\t\t\t\tdata-type=\"text\"\n\t\t\t\t\t\t\t\tdata-color=\"#000000\"\n\t\t\t\t\t\t\t\tdata-rsp_ch=\"on\"\n\t\t\t\t\t\t\t\tdata-xy=\"x:c;xo:77px;y:-4px;\"\n\t\t\t\t\t\t\t\tdata-text=\"w:normal;s:28;l:45;ls:2;fw:500;a:center;\"\n\t\t\t\t\t\t\t\tdata-dim=\"w:780px;h:173.989px;minw:20px;minh:0px;\"\n\t\t\t\t\t\t\t\tdata-actions='o:click;a:jumptoslide;slide:next;'\n\t\t\t\t\t\t\t\tdata-basealign=\"slide\"\n\t\t\t\t\t\t\t\tdata-ford=\"frame_0;frame_1;frame_2;frame_999;\"\n\t\t\t\t\t\t\t\tdata-frame_0=\"o:1;\"\n\t\t\t\t\t\t\t\tdata-frame_0_chars=\"d:5;rY:-90deg;\"\n\t\t\t\t\t\t\t\tdata-frame_0_lines=\"d:5;\"\n\t\t\t\t\t\t\t\tdata-frame_1=\"e:power1.in;sp:4150;\"\n\t\t\t\t\t\t\t\tdata-frame_1_chars=\"e:slow;d:5;y:15%;rY:0deg;\"\n\t\t\t\t\t\t\t\tdata-frame_999=\"o:0;st:w;sR:3000;\"\n\t\t\t\t\t\t\t\tdata-frame_2=\"oX:50%;oY:50%;oZ:0;tp:600;e:none;st:4970;sp:4030;c:#34aadc;\"\n\t\t\t\t\t\t\t\tstyle=\"z-index:10;font-family:'Raleway';cursor:pointer;\"\n\t\t\t\t\t\t\t>Ultraschall Messungen am Kapitell der Friedenss\u00e4ule auf dem Mehringplatz, Berlin durch Dr. Wanja Wedekind \n\t\t\t\t\t\t\t<\/rs-layer><!--\n\n\t\t\t\t\t\t\t--><rs-layer\n\t\t\t\t\t\t\t\tid=\"slider-20-slide-41-layer-10\" \n\t\t\t\t\t\t\t\tdata-type=\"image\"\n\t\t\t\t\t\t\t\tdata-rsp_ch=\"on\"\n\t\t\t\t\t\t\t\tdata-xy=\"y:-2px;\"\n\t\t\t\t\t\t\t\tdata-text=\"w:normal;\"\n\t\t\t\t\t\t\t\tdata-dim=\"w:1050px;h:607px;\"\n\t\t\t\t\t\t\t\tdata-frame_999=\"o:0;st:w;sR:11700;\"\n\t\t\t\t\t\t\t\tstyle=\"z-index:8;background-color:#ffffff;\"\n\t\t\t\t\t\t\t><img src=\"\/\/www.steinkonservierung.com\/wp-content\/plugins\/revslider\/sr6\/assets\/assets\/dummy.png\" alt=\"\" class=\"tp-rs-img rs-lazyload\" width=\"1024\" height=\"592\" data-lazyload=\"\/\/www.steinkonservierung.com\/wp-content\/uploads\/bild-0-1024x592.jpg\" data-no-retina> \n\t\t\t\t\t\t\t<\/rs-layer><!--\n\n\t\t\t\t\t\t\t--><rs-layer\n\t\t\t\t\t\t\t\tid=\"slider-20-slide-41-layer-12\" \n\t\t\t\t\t\t\t\tdata-type=\"image\"\n\t\t\t\t\t\t\t\tdata-rsp_ch=\"on\"\n\t\t\t\t\t\t\t\tdata-xy=\"x:r;y:-42px;\"\n\t\t\t\t\t\t\t\tdata-text=\"w:normal;\"\n\t\t\t\t\t\t\t\tdata-dim=\"w:487px;h:697px;\"\n\t\t\t\t\t\t\t\tdata-frame_999=\"o:0;st:w;\"\n\t\t\t\t\t\t\t\tstyle=\"z-index:9;\"\n\t\t\t\t\t\t\t><img src=\"\/\/www.steinkonservierung.com\/wp-content\/plugins\/revslider\/sr6\/assets\/assets\/dummy.png\" alt=\"\" class=\"tp-rs-img rs-lazyload\" width=\"715\" height=\"1024\" data-lazyload=\"\/\/www.steinkonservierung.com\/wp-content\/uploads\/Berlin_-_Friedenssaeule_Mehringplatz-715x1024.jpg\" data-no-retina> \n\t\t\t\t\t\t\t<\/rs-layer><!--\n-->\t\t\t\t\t<\/rs-slide>\n\t\t\t\t\t\t<rs-slide style=\"position: absolute;\" data-key=\"rs-49\" data-title=\"Slide\" data-description=\"\u00dcbersicht\" data-thumb=\"\/\/www.steinkonservierung.com\/wp-content\/uploads\/bild-0.jpg\" data-duration=\"12000ms\" data-ssop=\"true\" data-anim=\"ms:50;r:0;\" data-in=\"o:0;\" data-out=\"a:false;\">\n\t\t\t\t\t\t\t<img src=\"\/\/www.steinkonservierung.com\/wp-content\/plugins\/revslider\/sr6\/assets\/assets\/dummy.png\" alt=\"Slide\" title=\"bild 0\" width=\"1438\" height=\"832\" class=\"rev-slidebg tp-rs-img rs-lazyload\" data-lazyload=\"\/\/www.steinkonservierung.com\/wp-content\/plugins\/revslider\/sr6\/assets\/assets\/transparent.png\" data-bg=\"p:0% 15%;c:#ffffff;\" data-no-retina>\n<!--\n\t\t\t\t\t\t\t--><rs-layer\n\t\t\t\t\t\t\t\tid=\"slider-20-slide-49-layer-0\" \n\t\t\t\t\t\t\t\tdata-type=\"text\"\n\t\t\t\t\t\t\t\tdata-color=\"#000000\"\n\t\t\t\t\t\t\t\tdata-rsp_ch=\"on\"\n\t\t\t\t\t\t\t\tdata-xy=\"x:c;xo:158px;y:-2px;\"\n\t\t\t\t\t\t\t\tdata-text=\"w:normal;s:28;l:45;ls:2;fw:500;a:center;\"\n\t\t\t\t\t\t\t\tdata-dim=\"w:596px;h:131.996px;minw:20px;minh:0px;\"\n\t\t\t\t\t\t\t\tdata-actions='o:click;a:jumptoslide;slide:next;'\n\t\t\t\t\t\t\t\tdata-basealign=\"slide\"\n\t\t\t\t\t\t\t\tdata-ford=\"frame_0;frame_1;frame_2;frame_999;\"\n\t\t\t\t\t\t\t\tdata-frame_0=\"o:1;\"\n\t\t\t\t\t\t\t\tdata-frame_0_chars=\"d:5;rY:-90deg;\"\n\t\t\t\t\t\t\t\tdata-frame_0_lines=\"d:5;\"\n\t\t\t\t\t\t\t\tdata-frame_1=\"x:2px;e:power1.in;sp:4150;\"\n\t\t\t\t\t\t\t\tdata-frame_1_chars=\"e:slow;d:5;y:15%;rY:0deg;\"\n\t\t\t\t\t\t\t\tdata-frame_999=\"o:0;st:w;sR:3000;\"\n\t\t\t\t\t\t\t\tdata-frame_2=\"oX:50%;oY:50%;oZ:0;tp:600;e:none;st:4970;sp:4030;c:#34aadc;\"\n\t\t\t\t\t\t\t\tstyle=\"z-index:10;font-family:'Raleway';cursor:pointer;\"\n\t\t\t\t\t\t\t>Ultraschall-Messungen des Vorzustandes des Kapitells \n\t\t\t\t\t\t\t<\/rs-layer><!--\n\n\t\t\t\t\t\t\t--><rs-layer\n\t\t\t\t\t\t\t\tid=\"slider-20-slide-49-layer-1\" \n\t\t\t\t\t\t\t\tdata-type=\"image\"\n\t\t\t\t\t\t\t\tdata-rsp_ch=\"on\"\n\t\t\t\t\t\t\t\tdata-xy=\"x:r;y:-42px;\"\n\t\t\t\t\t\t\t\tdata-text=\"w:normal;\"\n\t\t\t\t\t\t\t\tdata-dim=\"w:487px;h:697px;\"\n\t\t\t\t\t\t\t\tdata-frame_999=\"o:0;st:w;\"\n\t\t\t\t\t\t\t\tstyle=\"z-index:9;\"\n\t\t\t\t\t\t\t><img src=\"\/\/www.steinkonservierung.com\/wp-content\/plugins\/revslider\/sr6\/assets\/assets\/dummy.png\" alt=\"\" class=\"tp-rs-img rs-lazyload\" width=\"715\" height=\"1024\" data-lazyload=\"\/\/www.steinkonservierung.com\/wp-content\/uploads\/Berlin_-_Friedenssaeule_Mehringplatz-715x1024.jpg\" data-no-retina> \n\t\t\t\t\t\t\t<\/rs-layer><!--\n\n\t\t\t\t\t\t\t--><rs-layer\n\t\t\t\t\t\t\t\tid=\"slider-20-slide-49-layer-3\" \n\t\t\t\t\t\t\t\tdata-type=\"text\"\n\t\t\t\t\t\t\t\tdata-color=\"#000000\"\n\t\t\t\t\t\t\t\tdata-rsp_ch=\"on\"\n\t\t\t\t\t\t\t\tdata-xy=\"x:c;xo:160px;y:250px;\"\n\t\t\t\t\t\t\t\tdata-text=\"w:normal;s:25;l:45;ls:2px;fw:300;a:center;\"\n\t\t\t\t\t\t\t\tdata-dim=\"w:593px;\"\n\t\t\t\t\t\t\t\tdata-frame_999=\"o:0;st:w;\"\n\t\t\t\t\t\t\t\tstyle=\"z-index:11;font-family:'Roboto';\"\n\t\t\t\t\t\t\t>Gef\u00e4hrdete Bereiche sind durch eine geringe Ultraschallgeschwindigkeit erkennbar. \n\t\t\t\t\t\t\t<\/rs-layer><!--\n\n\t\t\t\t\t\t\t--><rs-layer\n\t\t\t\t\t\t\t\tid=\"slider-20-slide-49-layer-10\" \n\t\t\t\t\t\t\t\tdata-type=\"image\"\n\t\t\t\t\t\t\t\tdata-rsp_ch=\"on\"\n\t\t\t\t\t\t\t\tdata-xy=\"y:-1px;\"\n\t\t\t\t\t\t\t\tdata-text=\"w:normal;\"\n\t\t\t\t\t\t\t\tdata-dim=\"w:1050px;h:607px;\"\n\t\t\t\t\t\t\t\tdata-frame_999=\"o:0;st:w;sR:11700;\"\n\t\t\t\t\t\t\t\tstyle=\"z-index:8;\"\n\t\t\t\t\t\t\t><img src=\"\/\/www.steinkonservierung.com\/wp-content\/plugins\/revslider\/sr6\/assets\/assets\/dummy.png\" alt=\"\" class=\"tp-rs-img rs-lazyload\" width=\"1024\" height=\"592\" data-lazyload=\"\/\/www.steinkonservierung.com\/wp-content\/uploads\/bild-1-1024x592.jpg\" data-no-retina> \n\t\t\t\t\t\t\t<\/rs-layer><!--\n-->\t\t\t\t\t<\/rs-slide>\n\t\t\t\t\t\t<rs-slide style=\"position: absolute;\" data-key=\"rs-50\" data-title=\"Slide\" data-description=\"\u00dcbersicht\" data-thumb=\"\/\/www.steinkonservierung.com\/wp-content\/uploads\/bild-0.jpg\" data-duration=\"12000ms\" data-ssop=\"true\" data-anim=\"ms:50;r:0;\" data-in=\"o:0;\" data-out=\"a:false;\">\n\t\t\t\t\t\t\t<img src=\"\/\/www.steinkonservierung.com\/wp-content\/plugins\/revslider\/sr6\/assets\/assets\/dummy.png\" alt=\"Slide\" title=\"bild 0\" width=\"1438\" height=\"832\" class=\"rev-slidebg tp-rs-img rs-lazyload\" data-lazyload=\"\/\/www.steinkonservierung.com\/wp-content\/plugins\/revslider\/sr6\/assets\/assets\/transparent.png\" data-bg=\"p:0% 15%;c:#ffffff;\" data-no-retina>\n<!--\n\t\t\t\t\t\t\t--><rs-layer\n\t\t\t\t\t\t\t\tid=\"slider-20-slide-50-layer-0\" \n\t\t\t\t\t\t\t\tdata-type=\"text\"\n\t\t\t\t\t\t\t\tdata-color=\"#000000\"\n\t\t\t\t\t\t\t\tdata-rsp_ch=\"on\"\n\t\t\t\t\t\t\t\tdata-xy=\"x:c;xo:138px;y:-6px;\"\n\t\t\t\t\t\t\t\tdata-text=\"w:normal;s:28;l:45;ls:2;fw:500;a:center;\"\n\t\t\t\t\t\t\t\tdata-dim=\"w:547px;h:172.989px;minw:20px;minh:0px;\"\n\t\t\t\t\t\t\t\tdata-actions='o:click;a:jumptoslide;slide:next;'\n\t\t\t\t\t\t\t\tdata-basealign=\"slide\"\n\t\t\t\t\t\t\t\tdata-ford=\"frame_0;frame_1;frame_2;frame_999;\"\n\t\t\t\t\t\t\t\tdata-frame_0=\"o:1;\"\n\t\t\t\t\t\t\t\tdata-frame_0_chars=\"d:5;rY:-90deg;\"\n\t\t\t\t\t\t\t\tdata-frame_0_lines=\"d:5;\"\n\t\t\t\t\t\t\t\tdata-frame_1=\"y:1px;e:power1.in;sp:4150;\"\n\t\t\t\t\t\t\t\tdata-frame_1_chars=\"e:slow;d:5;y:15%;rY:0deg;\"\n\t\t\t\t\t\t\t\tdata-frame_999=\"o:0;st:w;sR:3000;\"\n\t\t\t\t\t\t\t\tdata-frame_2=\"oX:50%;oY:50%;oZ:0;tp:600;e:none;st:4970;sp:4030;c:#34aadc;\"\n\t\t\t\t\t\t\t\tstyle=\"z-index:10;font-family:'Raleway';cursor:pointer;\"\n\t\t\t\t\t\t\t>Ultraschall-Messungen nach Konservierung durch das AVT-Verfahren \n\t\t\t\t\t\t\t<\/rs-layer><!--\n\n\t\t\t\t\t\t\t--><rs-layer\n\t\t\t\t\t\t\t\tid=\"slider-20-slide-50-layer-2\" \n\t\t\t\t\t\t\t\tdata-type=\"image\"\n\t\t\t\t\t\t\t\tdata-rsp_ch=\"on\"\n\t\t\t\t\t\t\t\tdata-xy=\"x:r;y:-42px;\"\n\t\t\t\t\t\t\t\tdata-text=\"w:normal;\"\n\t\t\t\t\t\t\t\tdata-dim=\"w:487px;h:697px;\"\n\t\t\t\t\t\t\t\tdata-frame_999=\"o:0;st:w;\"\n\t\t\t\t\t\t\t\tstyle=\"z-index:9;\"\n\t\t\t\t\t\t\t><img src=\"\/\/www.steinkonservierung.com\/wp-content\/plugins\/revslider\/sr6\/assets\/assets\/dummy.png\" alt=\"\" class=\"tp-rs-img rs-lazyload\" width=\"715\" height=\"1024\" data-lazyload=\"\/\/www.steinkonservierung.com\/wp-content\/uploads\/Berlin_-_Friedenssaeule_Mehringplatz-715x1024.jpg\" data-no-retina> \n\t\t\t\t\t\t\t<\/rs-layer><!--\n\n\t\t\t\t\t\t\t--><rs-layer\n\t\t\t\t\t\t\t\tid=\"slider-20-slide-50-layer-4\" \n\t\t\t\t\t\t\t\tdata-type=\"text\"\n\t\t\t\t\t\t\t\tdata-color=\"#000000\"\n\t\t\t\t\t\t\t\tdata-rsp_ch=\"on\"\n\t\t\t\t\t\t\t\tdata-xy=\"x:c;xo:160px;y:244px;\"\n\t\t\t\t\t\t\t\tdata-text=\"w:normal;s:25;l:45;ls:2px;fw:300;a:center;\"\n\t\t\t\t\t\t\t\tdata-dim=\"w:593px;\"\n\t\t\t\t\t\t\t\tdata-frame_999=\"o:0;st:w;\"\n\t\t\t\t\t\t\t\tstyle=\"z-index:11;font-family:'Roboto';\"\n\t\t\t\t\t\t\t>Durch die AVT-Konservierung sind die Strukturen gefestigt, was anhand einer erh\u00f6hten Ultraschallgeschwindigkeiten deutlich wird. \n\t\t\t\t\t\t\t<\/rs-layer><!--\n\n\t\t\t\t\t\t\t--><rs-layer\n\t\t\t\t\t\t\t\tid=\"slider-20-slide-50-layer-10\" \n\t\t\t\t\t\t\t\tdata-type=\"image\"\n\t\t\t\t\t\t\t\tdata-rsp_ch=\"on\"\n\t\t\t\t\t\t\t\tdata-xy=\"y:-2px;\"\n\t\t\t\t\t\t\t\tdata-text=\"w:normal;\"\n\t\t\t\t\t\t\t\tdata-dim=\"w:1050px;h:607px;\"\n\t\t\t\t\t\t\t\tdata-frame_999=\"o:0;st:w;sR:11700;\"\n\t\t\t\t\t\t\t\tstyle=\"z-index:8;\"\n\t\t\t\t\t\t\t><img src=\"\/\/www.steinkonservierung.com\/wp-content\/plugins\/revslider\/sr6\/assets\/assets\/dummy.png\" alt=\"\" class=\"tp-rs-img rs-lazyload\" width=\"1024\" height=\"592\" data-lazyload=\"\/\/www.steinkonservierung.com\/wp-content\/uploads\/bild-2-1024x592.jpg\" data-no-retina> \n\t\t\t\t\t\t\t<\/rs-layer><!--\n-->\t\t\t\t\t<\/rs-slide>\n\t\t\t\t\t<\/rs-slides>\n\t\t\t\t\t<rs-static-layers><!--\n\t\t\t\t\t--><\/rs-static-layers>\n\t\t\t\t<\/rs-module>\n\t\t\t\t<script>\n\t\t\t\t\tsetREVStartSize({c: 'rev_slider_20_1',rl:[1240,1024,778,480],el:[600],gw:[1920],gh:[600],type:'standard',justify:'',layout:'fullwidth',mh:\"0\"});if (window.RS_MODULES!==undefined && window.RS_MODULES.modules!==undefined && window.RS_MODULES.modules[\"revslider201\"]!==undefined) {window.RS_MODULES.modules[\"revslider201\"].once = false;window.revapi20 = undefined;if (window.RS_MODULES.checkMinimal!==undefined) window.RS_MODULES.checkMinimal()}\n\t\t\t\t<\/script>\n\t\t\t<\/rs-module-wrap>\n\t\t\t<!-- END REVOLUTION SLIDER -->\n<div class=\"w-separator size_medium\"><\/div><div class=\"wpb_text_column\"><div class=\"wpb_wrapper\"><p><strong>Sobott, R &amp; Scholz, G &amp; Jbach, H.W., <\/strong>AVT weiterentwickelt, S. 45- 47, Naturstein 2\/2019 (Quelle: Ebner Media Group)<\/p>\n<p><strong>Lachmann, F, <\/strong>Die R\u00fcckkehr des Meeresgottes, S. 42 \u2013 44, Naturstein 2\/2019 (Quelle: Ebner Media Group)<\/p>\n<p><strong>Scholz, G &amp; Sobott, R &amp; Jbach, H.W., <\/strong>Innovative developments in the field of stone conservation by the acrylic resin total impregnation process (AVT) of natural stones by the JBACH company,<br \/>\n13th International Congress on the Deterioration and Conservation of Stone, Proceedings, Vol. 1, p. 1.300, 2016<\/p>\n<p><strong>Jbach, Heide<\/strong>,\u00a0<a href=\"https:\/\/www.steinkonservierung.com\/wp-content\/uploads\/Deutsch_Patenschaften_fuer_Denkmaeler.pdf\" target=\"_blank\" rel=\"noopener\">Der Stein beginnt zu reden<\/a>, Vortrag im Rahmen des COMUS-Programms in Bamberg, \u00ab\u00a0Community-led urban strategies in historic towns\u00a0\u00bb (COMUS) World Heritage city Town of Bamberg, 24. bis 27. Juli 2016<\/p>\n<p><strong>Jbach, Heide<\/strong>,\u00a0<a href=\"https:\/\/www.steinkonservierung.com\/wp-content\/uploads\/Artikel-Restauro.pdf\" target=\"_blank\" rel=\"noopener\">Der Stein beginnt zu reden<\/a>, Sch\u00fcler \u00fcbernehmen Patenschaften f\u00fcr Denkm\u00e4ler, Restauro 06\/2008<\/p>\n<p><strong>Jbach, Katharina<\/strong>, <a href=\"http:\/\/docplayer.org\/storage\/63\/49765486\/1612452645\/v5sCc75Rq2L7bAZxPq2jJg\/49765486.pdf\" target=\"_blank\" rel=\"noopener\">Grabmale als Urkunden festgeschrieben f\u00fcr n\u00e4chste Generationen<\/a>, Grabsteinerhaltung IFS Tagung 2005, Bericht Nr.20 &#8211; 2005, S.69-71, 2005<\/p>\n<p><strong>Jbach, Wolf<\/strong> <strong>&amp; Jbach, Katharina<\/strong>, <a href=\"https:\/\/d-nb.info\/972865969\/04\" target=\"_blank\" rel=\"noopener\">Grenzen und M\u00f6glichkeiten der Vollkonservierung von Naturwerksteinen<\/a>, Stein Zerfall und Konservierung, Edition Leipzig, S.122-125, 2005<\/p>\n<p><strong>von Plehwe-Leisen, E.<\/strong>, <a href=\"https:\/\/www.researchgate.net\/publication\/233698878_Bewitterungsexperimente_am_Kolner_Dom_und_ihre_Bedeutung_fur_die_praktische_Denkmalpflege\" target=\"_blank\" rel=\"noopener\">Bewitterungsexperimente am K\u00f6lner Dom und ihre Bedeutung f\u00fcr die praktische Denkmalpflege<\/a>, Geowissenschaften und Denkmalpflege, ZDDG Band 156 Heft 1, S.159-158, 2005<\/p>\n<p><strong>Snethlage, Rolf<\/strong>, Leitfaden Steinkonservierung, Fraunhofer IRB Verlag, 2.,\u00fcberarbeitete und erweiterte Auflage, 2005<\/p>\n<p><strong>Schock-Werner, Barbara<\/strong>, Sonderdrucke aus dem K\u00f6lner Domblatt, Verlag K\u00f6lner Dom, 1999 &#8211; 2004<\/p>\n<p><strong>Maintz, Helmut<\/strong>, Sanierung des Dachstuhl \u00fcber dem Oktogon &#8211; Sanierung kleines Drachenloch, S.44-48, Karlsverein-Dombauverein Schriftenreihe Band 6 &#8211; 2003<\/p>\n<p><strong>Lachmann, H.<\/strong>, Ibach Steinkonservierung aus Sche\u00dflitz: Bauwunder wieder begehbar, S. 24-27, Naturstein 6\/2003<\/p>\n<p><strong>Holl\u00e4nder, B.<\/strong>, Doktorw\u00fcrde f\u00fcr Verdienste um die Steinkonservierung &#8211; Verdiente Auszeichnung f\u00fcr Dipl.Kfm. Hermann Wolf Ibach, S.53-55, Naturstein 3\/2003<\/p>\n<p><strong>Lachmann, H.<\/strong>, Tr\u00e4nken hei\u00dft: nachhaltig konservieren (Interview), S. 56, Naturstein 12\/2002<\/p>\n<p><strong>Deutsche Bundesstiftung Umwelt<\/strong>, Zukunftweisende Umweltschutzprojekte aus Bayern, Osnabr\u00fcck, 1998<\/p>\n<p><strong>Stadt Amsterdam<\/strong>, Het Nationaal Monument op de Dam, Landstra &amp; Spruijt Uitgevers, 1998<\/p>\n<p><strong>Lorenz, H.<\/strong>, Verwitterungsverhalten und Konservierung bei Savonni\u00e8res-Oolith, Stone plus, Nr. 2\/98, Seite 24 &#8211; 28 und 3\/98, 14-17<\/p>\n<p><strong>Lorenz, H. &amp; Jbach, W.<\/strong>, Marmorkonservierung durch die JBACH-Volltr\u00e4nkung mit Acrylharz: Charakterisierung des Probenmaterials durch petrografische und petrophysikalische Untersuchungen und Nachweis der Optimierung der Tr\u00e4nkl\u00f6sung in Bezug auf den Verbund PMMA\/Calcit durch REM-Untersuchungen, Tagungsband \u00ab\u00a0Marmor als Werk- und Denkmalgestein\u00a0\u00bb, Workshop G\u00f6ttingen, 1998<\/p>\n<p><strong>Dubelaar, C. W. &amp; Koch, R. &amp; Lorenz, H.<\/strong>, Weathering of travertine in a temperate humid climate &#8211; National Monument, Amsterdam, The Netherlands, Haarlem, Erlangen, 1996<\/p>\n<p><strong>Goretzki &amp; Schmidt<\/strong>, Die Ver\u00e4nderung von Gesteinseigenschaften durch die Acrylharzvolltr\u00e4nkung, B &amp; B, K\u00f6ln, 7\/1991, Seite 122 &#8211; 124<\/p>\n<p><strong>Messerschmitt Stiftung<\/strong>, Die Epitaphien der Frauenkirche zu M\u00fcnchen, Prestel-Verlag, 1986<\/p>\n<p><strong>Luckat, S.<\/strong>, <a href=\"https:\/\/www.zdv.de\/domblaetter\/ansicht\/domblatt-1973.html\" target=\"_blank\" rel=\"noopener\">Die Einwirkung von Luftverunreinigung auf die Bausubstanz des K\u00f6lner Doms<\/a>, III, K\u00f6lner Domblatt, 40, Seite 75 \u2013108<\/p>\n<p><strong>Wolff, Arnold<\/strong>, Sonderdrucke aus dem K\u00f6lner Domblatt, Verlag K\u00f6lner Dom, 1992 &#8211; 1998<\/p>\n<\/div><\/div><div class=\"w-separator size_medium with_line width_default thick_1 style_solid color_border align_center with_text with_content\"><div class=\"w-separator-h\"><h6 class=\"w-separator-text\"><span>Dans les m\u00e9dias<\/span><\/h6><\/div><\/div><div class=\"g-cols wpb_row via_flex valign_top type_default stacking_default\"><div class=\"vc_col-sm-3 wpb_column vc_column_container\"><div class=\"vc_column-inner\"><div class=\"wpb_wrapper\"><div class=\"w-image align_none\"><a target=\"_blank\" rel=\"nofollow\" href=\"https:\/\/steinkonservierung.com\/wp-content\/uploads\/Naturstein-2-2019-mit-Quelle.pdf\" aria-label=\"Lien\" class=\"w-image-h\"><img width=\"683\" height=\"1024\" src=\"https:\/\/www.steinkonservierung.com\/wp-content\/uploads\/IMG_3593-a-1-683x1024.jpg\" class=\"attachment-large size-large\" alt=\"\" decoding=\"async\" loading=\"lazy\" srcset=\"https:\/\/www.steinkonservierung.com\/wp-content\/uploads\/IMG_3593-a-1-683x1024.jpg 683w, https:\/\/www.steinkonservierung.com\/wp-content\/uploads\/IMG_3593-a-1-200x300.jpg 200w, https:\/\/www.steinkonservierung.com\/wp-content\/uploads\/IMG_3593-a-1-43x64.jpg 43w, https:\/\/www.steinkonservierung.com\/wp-content\/uploads\/IMG_3593-a-1-267x400.jpg 267w, https:\/\/www.steinkonservierung.com\/wp-content\/uploads\/IMG_3593-a-1-scaled.jpg 1707w\" sizes=\"(max-width: 683px) 100vw, 683px\" \/><\/a><\/div><\/div><\/div><\/div><div class=\"vc_col-sm-9 wpb_column vc_column_container\"><div class=\"vc_column-inner\"><div class=\"wpb_wrapper\"><div class=\"wpb_text_column\"><div class=\"wpb_wrapper\"><h2>Le retour du Dieu de la mer<\/h2>\n<p><em>Depuis octobre 2018, la Grotte de Neptune brille de nouveau de son \u00e9clat d\u2019origine.\u00a0Un r\u00e9cit sur la nouvelle inauguration de la Grotte de Neptune dans le parc de Sans-Souci \u00e0 Potsdam par le donateur G\u00fcnther Jauch. (<\/em><a href=\"https:\/\/steinkonservierung.com\/wp-content\/uploads\/Naturstein-2-2019-mit-Quelle.pdf\"><em>Naturstein 2\/2019<\/em><\/a><em>)<\/em><\/p>\n<p>La Grotte de Neptune dans le parc de Sans-Souci fut achev\u00e9e en 1757. Les marbres de Carrare et Kauffungen utilis\u00e9s ont notamment subi d\u2019importants dommages au cours des si\u00e8cles. Dernier recours\u00a0: la conservation par impr\u00e9gnation totale dans de la r\u00e9sine acrylique.<\/p>\n<\/div><\/div><\/div><\/div><\/div><\/div><div class=\"w-separator size_medium with_line width_default thick_1 style_solid color_border align_center with_text with_content\"><div class=\"w-separator-h\"><h6 class=\"w-separator-text\"><span>Annonces<\/span><\/h6><\/div><\/div><div class=\"wpb_text_column\"><div class=\"wpb_wrapper\"><p><u>Janvier 2021<\/u><br \/>\nNous comptons finir dans les meilleurs d\u00e9tails les travaux sur la fontaine Drachenbrunnen (Bois-le-Duc) dont l\u2019inauguration est planifi\u00e9e pour cette ann\u00e9e.<br \/>\nL\u2019inauguration des objets des Nouvelles chambres qui avait d\u00fb \u00eatre repouss\u00e9e en raison du COVID-19 est \u00e9galement envisag\u00e9e pour cette ann\u00e9e.<\/p>\n<p><u>D\u00e9cembre 2020<\/u><br \/>\nLes travaux sur la conservation enti\u00e8re de pr\u00e9cieux objets culturels en pierre n\u2019ont pas pris de repos malgr\u00e9 les \u00e9v\u00e9nements de cette ann\u00e9e. Bien au contraire\u00a0! Des plaques de relief suppl\u00e9mentaires provenant de Br\u00e9da ont \u00e9t\u00e9 amen\u00e9es avec succ\u00e8s \u00e0 la conservation enti\u00e8re par AVT et un portail suppl\u00e9mentaire a \u00e9t\u00e9 incorpor\u00e9 dans le planning. Les premiers objets ont \u00e9t\u00e9 remis en place d\u00e8s la fin de l\u2019ann\u00e9e. L\u2019arriv\u00e9e des premiers objets de Bois-le-Duc (Pays-Bas) au cours du 2<sup>nd<\/sup> semestre fut tr\u00e8s r\u00e9jouissante apr\u00e8s une planification de longue date et d\u2019importants travaux pr\u00e9alables.<\/p>\n<p>Cela concerne d\u2019une part la fontaine\u00a0<a href=\"https:\/\/www.niederlande-wegweiser.de\/niederlande_shertogenboschdrakenfontein.html\">Drachenbrunnen<\/a>\u00a0(\u00ab\u00a0Drakenfontain\u00a0\u00bb) en pierre d\u2019Euville. La colonne, les consoles ainsi que les marches d\u2019escalier ont ici \u00e9t\u00e9 soumises \u00e0 la conservation enti\u00e8re par AVT apr\u00e8s leur d\u00e9cuivrage. Cela concerne concr\u00e8tement 53 objets individuels dont le plus grand est la base de la colonne pesant 2,5 tonnes. Comme pour la \u00ab\u00a0Grote Kerk\u00a0\u00bb, il faut faire particuli\u00e8rement attention \u00e0 la d\u00e9termination de la dilatation thermique ainsi qu\u2019aux joints de dilatation \u00e9lastiques en r\u00e9sultant pour \u00e9viter des dommages ult\u00e9rieurs en raison de tensions s\u2019accumulant dans l\u2019objet. Les travaux de conservation se prolongeront jusqu\u2019en 2021.<\/p>\n<p>Les premi\u00e8res sculptures (gr\u00e8s d\u2019Udelfangen) de la\u00a0<a href=\"https:\/\/www.european-traveler.com\/netherlands\/visit-sint-janskathedraal-s-hertogenbosch\/\">Sint Jans Dom<\/a>\u00a0sont arriv\u00e9es et ont pu \u00eatre renforc\u00e9es avec succ\u00e8s. Les objets ont \u00e9t\u00e9 dessal\u00e9s et nettoy\u00e9s de mani\u00e8re approfondie au pr\u00e9alable. Des travaux suppl\u00e9mentaires sont pr\u00e9vus dans ce cas. Vous trouverez de plus amples informations concernant l\u2019ouvrage dans le lien suivant.<\/p>\n<p><u>Janvier 2020<\/u><br \/>\nLa soci\u00e9t\u00e9 JBACH GmbH pr\u00e9sente \u00e0 ses clients, amis et toutes les personnes int\u00e9ress\u00e9es ses meilleurs v\u0153ux pour 2020\u00a0!<\/p>\n<p>Apr\u00e8s la fin couronn\u00e9e de succ\u00e8s des travaux de conservation sur des sculptures des Nouvelles chambres du parc du ch\u00e2teau de Sans-Souci, l\u2019accent en mati\u00e8re d\u2019impr\u00e9gnation totale avec de la r\u00e9sine acrylique sera avant tout mis cette ann\u00e9e sur des objets des Pays-Bas, \u00e0 savoir Bois-le-Duc et Br\u00e9da.<\/p>\n<p><u>D\u00e9cembre 2019<\/u><br \/>\nLes sculptures et pi\u00e9destaux restants des Nouvelles chambres (Sans-Souci) ont subi une conservation enti\u00e8re. L\u2019exposition et l\u2019inauguration solennelle sont pr\u00e9vues pour 2020.<\/p>\n<p>Les conservations enti\u00e8res pour de nombreux objets provenant des Pays-Bas ont commenc\u00e9 cette ann\u00e9e avec les portails et reliefs de la \u00ab\u00a0Grote Kerk\u00a0\u00bb de Br\u00e9da. L\u2019\u00e9glise compte parmi les monuments les plus c\u00e9l\u00e8bres du Brabant et a servi de mausol\u00e9e aux anc\u00eatres de la famille royale n\u00e9erlandaise. La pierre \u00e0 chaud de l\u2019ouvrage impressionnant est successivement renforc\u00e9e dans l\u2019ancienne briqueterie pour braver de nouveau les d\u00e9sagr\u00e9ments de la nature pendant une p\u00e9riode prolong\u00e9e dans la dur\u00e9e. La phase de s\u00e9chage assist\u00e9 sous vide a \u00e9t\u00e9 particuli\u00e8rement minutieuse car la pierre contient des oolithes.<\/p>\n<p>Vous trouverez de plus amples informations ici\u00a0:\u00a0<a href=\"https:\/\/grotekerkbreda.nl\/\">https:\/\/grotekerkbreda.nl\/<\/a><\/p>\n<p><u>Mars 2019<\/u><br \/>\nLa fin de la pause hivernale approche\u00a0! La conservation de pierre red\u00e9marre ce mois-ci. De nombreux objets pour l\u2019impr\u00e9gnation totale dans de la r\u00e9sine acrylique (AVT) sont aussi pr\u00e9vus pour 2019. L\u2019accent en mati\u00e8re de conservation sera mis sur les sculptures restantes des Nouvelles chambres du parc du ch\u00e2teau de Sans-Souci et des objets de la Grote Kerk \u00e0 Br\u00e9da (Pays-Bas).<\/p>\n<p>Un article int\u00e9ressant concernant la Grotte de Neptune du parc du ch\u00e2teau de Sans-Souci, remise \u00e0 neuf et r\u00e9ouverte le 10 octobre 2018, est paru dans le magazine sp\u00e9cialis\u00e9 \u00ab\u00a0Naturstein\u00a0\u00bb (2-2019). L\u2019ouvrage impressionnant de l\u2019\u00e9poque de Fr\u00e9d\u00e9ric le Grand \u00e9tait dans un \u00e9tat d\u00e9plorable. La grotte ainsi que les installations ext\u00e9rieures ont pu \u00eatre compl\u00e8tement r\u00e9nov\u00e9es gr\u00e2ce \u00e0 de g\u00e9n\u00e9reux dons et au secteur public. La Grotte de Neptune brillait d\u2019un nouvel \u00e9clat en ce jour ensoleill\u00e9 gr\u00e2ce aux travaux appartenant \u00e0 divers corps de m\u00e9tier. Les jeux d\u2019eau bouillonnaient au-dessus des bassins de coquillages en marbre sur le chant \u00ab\u00a0Wasser marsch\u00a0\u00bb du pr\u00e9sentateur et donateur G\u00fcnther Jauch.<\/p>\n<p>La soci\u00e9t\u00e9 JBACH GmbH avait d\u00e9j\u00e0 conserv\u00e9 par le pass\u00e9 avec le proc\u00e9d\u00e9 AVT les sculptures de l\u2019Attique ainsi qu\u2019une partie des bassins. Ce sont pr\u00e8s de 100 objets, y compris les bassins et consoles restants, qui ont pu subir une conservation enti\u00e8re avec succ\u00e8s en 2016\/2017. De plus amples informations sont disponibles dans les liens et images suivants. L\u2019article \u00ab\u00a0AVT weiterentwickelt (d\u00e9veloppement du proc\u00e9d\u00e9 AVT)\u00a0\u00bb se trouve par ailleurs dans l\u2019\u00e9dition du magazine Naturstein. Le proc\u00e9d\u00e9 optimis\u00e9 est pr\u00e9sent\u00e9 de mani\u00e8re grandiose sur l\u2019exemple du gr\u00e8s de Schlaitdorf, avec des valeurs caract\u00e9ristiques de p\u00e9trophysique et des repr\u00e9sentations microscopiques. La r\u00e9alisation du mod\u00e8le d\u2019Aix-la-Chapelle est particuli\u00e8rement remarquable, c\u2019est-\u00e0-dire l\u2019enveloppement protecteur de la paroi poreuse m\u00eame dans les r\u00e9gions de c\u0153ur profondes de la pierre\u00a0:<\/p>\n<p><a href=\"https:\/\/shop.natursteinonline.de\/shop\/naturstein-digital-2-2019\/\" target=\"_blank\" rel=\"noopener\">https:\/\/shop.natursteinonline.de\/shop\/naturstein-digital-2-2019\/<\/a><\/p>\n<p><a href=\"https:\/\/www.pnn.de\/potsdam\/restaurierung-der-neptungrotte-das-wunder-vom-oestlichen-\" target=\"_blank\" rel=\"noopener\">https:\/\/www.pnn.de\/potsdam\/restaurierung-der-neptungrotte-das-wunder-vom-oestlichen-<\/a><\/p>\n<\/div><\/div><\/div><\/div><\/div><\/div><\/div><\/section><div class=\"vc_col-sm-12 wpb_column vc_column_container\"><div class=\"vc_column-inner\"><div class=\"wpb_wrapper\"><\/div><\/div><\/div><div class=\"vc_col-sm-12 wpb_column vc_column_container\"><div class=\"vc_column-inner\"><div class=\"wpb_wrapper\"><div class=\"g-cols wpb_row via_flex valign_top type_default stacking_default\"><div class=\"vc_col-sm-3 wpb_column vc_column_container\"><div class=\"vc_column-inner\"><div class=\"wpb_wrapper\"><\/div><\/div><\/div><div class=\"vc_col-sm-9 wpb_column vc_column_container\"><div class=\"vc_column-inner\"><div class=\"wpb_wrapper\"><\/div><\/div><\/div><\/div><\/div><\/div><\/div><div class=\"vc_col-sm-12 wpb_column vc_column_container\"><div class=\"vc_column-inner\"><div class=\"wpb_wrapper\"><\/div><\/div><\/div><div class=\"vc_col-sm-12 wpb_column vc_column_container\"><div class=\"vc_column-inner\"><div class=\"wpb_wrapper\"><\/div><\/div><\/div><div class=\"vc_col-sm-12 wpb_column vc_column_container\"><div class=\"vc_column-inner\"><div class=\"wpb_wrapper\"><\/div><\/div><\/div>\n","protected":false},"excerpt":{"rendered":"[rev_slider_vc alias=\"referenzen\"]Konservierte ObjektePlus de 22\u00a0000 objets individuels ont \u00e9t\u00e9 conserv\u00e9s par nos soins au cours des derni\u00e8res d\u00e9cennies gr\u00e2ce au proc\u00e9d\u00e9 brevet\u00e9 d\u2019impr\u00e9gnation totale. L\u2019exp\u00e9rience de longue date et la satisfaction de nos clients en raison des nombreux avantages du proc\u00e9d\u00e9 AVT. Une vue d\u2019ensemble d\u2019objets conserv\u00e9s par nos soins se trouve sur la carte....","protected":false},"author":1,"featured_media":0,"parent":0,"menu_order":0,"comment_status":"closed","ping_status":"open","template":"","meta":[],"_links":{"self":[{"href":"https:\/\/www.steinkonservierung.com\/fr\/wp-json\/wp\/v2\/pages\/950"}],"collection":[{"href":"https:\/\/www.steinkonservierung.com\/fr\/wp-json\/wp\/v2\/pages"}],"about":[{"href":"https:\/\/www.steinkonservierung.com\/fr\/wp-json\/wp\/v2\/types\/page"}],"author":[{"embeddable":true,"href":"https:\/\/www.steinkonservierung.com\/fr\/wp-json\/wp\/v2\/users\/1"}],"replies":[{"embeddable":true,"href":"https:\/\/www.steinkonservierung.com\/fr\/wp-json\/wp\/v2\/comments?post=950"}],"version-history":[{"count":3,"href":"https:\/\/www.steinkonservierung.com\/fr\/wp-json\/wp\/v2\/pages\/950\/revisions"}],"predecessor-version":[{"id":953,"href":"https:\/\/www.steinkonservierung.com\/fr\/wp-json\/wp\/v2\/pages\/950\/revisions\/953"}],"wp:attachment":[{"href":"https:\/\/www.steinkonservierung.com\/fr\/wp-json\/wp\/v2\/media?parent=950"}],"curies":[{"name":"wp","href":"https:\/\/api.w.org\/{rel}","templated":true}]}}